{"version":"1.0","provider_name":"GreenFest","provider_url":"https:\/\/mitrovicagreenfest.com\/sq\/","author_name":"Green Fest","author_url":"https:\/\/mitrovicagreenfest.com\/sq\/author\/diellzajelliqi\/","title":"Thirrje p\u00ebr koordinator p\u00ebr vullnetar\u00eb - GreenFest","type":"rich","width":600,"height":338,"html":"<blockquote class=\"wp-embedded-content\" data-secret=\"lOzojB40f8\"><a href=\"https:\/\/mitrovicagreenfest.com\/sq\/thirrje-per-koordinator-per-vullnetare\/\">Thirrje p\u00ebr koordinator p\u00ebr vullnetar\u00eb<\/a><\/blockquote><iframe sandbox=\"allow-scripts\" security=\"restricted\" src=\"https:\/\/mitrovicagreenfest.com\/sq\/thirrje-per-koordinator-per-vullnetare\/embed\/#?secret=lOzojB40f8\" width=\"600\" height=\"338\" title=\"&#8220;Thirrje p\u00ebr koordinator p\u00ebr vullnetar\u00eb&#8221; &#8212; GreenFest\" data-secret=\"lOzojB40f8\" frameborder=\"0\" marginwidth=\"0\" marginheight=\"0\" scrolling=\"no\" class=\"wp-embedded-content\"><\/iframe><script type=\"text\/javascript\">\n\/* <![CDATA[ *\/\n\/*! This file is auto-generated *\/\n!function(d,l){\"use strict\";l.querySelector&&d.addEventListener&&\"undefined\"!=typeof URL&&(d.wp=d.wp||{},d.wp.receiveEmbedMessage||(d.wp.receiveEmbedMessage=function(e){var t=e.data;if((t||t.secret||t.message||t.value)&&!\/[^a-zA-Z0-9]\/.test(t.secret)){for(var s,r,n,a=l.querySelectorAll('iframe[data-secret=\"'+t.secret+'\"]'),o=l.querySelectorAll('blockquote[data-secret=\"'+t.secret+'\"]'),c=new RegExp(\"^https?:$\",\"i\"),i=0;i<o.length;i++)o[i].style.display=\"none\";for(i=0;i<a.length;i++)s=a[i],e.source===s.contentWindow&&(s.removeAttribute(\"style\"),\"height\"===t.message?(1e3<(r=parseInt(t.value,10))?r=1e3:~~r<200&&(r=200),s.height=r):\"link\"===t.message&&(r=new URL(s.getAttribute(\"src\")),n=new URL(t.value),c.test(n.protocol))&&n.host===r.host&&l.activeElement===s&&(d.top.location.href=t.value))}},d.addEventListener(\"message\",d.wp.receiveEmbedMessage,!1),l.addEventListener(\"DOMContentLoaded\",function(){for(var e,t,s=l.querySelectorAll(\"iframe.wp-embedded-content\"),r=0;r<s.length;r++)(t=(e=s[r]).getAttribute(\"data-secret\"))||(t=Math.random().toString(36).substring(2,12),e.src+=\"#?secret=\"+t,e.setAttribute(\"data-secret\",t)),e.contentWindow.postMessage({message:\"ready\",secret:t},\"*\")},!1)))}(window,document);\n\/\/# sourceURL=https:\/\/mitrovicagreenfest.com\/wp-includes\/js\/wp-embed.min.js\n\/* ]]> *\/\n<\/script>\n","thumbnail_url":"https:\/\/mitrovicagreenfest.com\/wp-content\/uploads\/2025\/07\/thirrje-per-kordinator-03-scaled.jpg","thumbnail_width":2560,"thumbnail_height":1791,"description":"Pozita: Koordinator p\u00ebr vullnetar\u00ebVendndodhja: Mitrovic\u00ebAfati i Aplikimit: 20.07.2025 P\u00ebshkrimi i pozit\u00ebs: Green Fest \u00ebsht\u00eb n\u00eb k\u00ebrkim t\u00eb nj\u00eb Koordinatori\/e Vullnetar\u00ebsh dinamik\/e dhe i\/e organizuar p\u00ebr t\u2019iu bashkuar ekipit ton\u00eb. Koordinatori\/ja i\/e Vullnetar\u00ebve do t\u00eb jet\u00eb p\u00ebrgjegj\u00ebs\/e p\u00ebr rekrutimin, trajnimin [&hellip;]"}